{"id":4493,"date":"2020-03-24T16:33:25","date_gmt":"2020-03-24T21:33:25","guid":{"rendered":"https:\/\/caminodelcorazon.church\/web\/p5-m3-dinamica-interna-del-paso-copy\/"},"modified":"2024-09-10T16:10:48","modified_gmt":"2024-09-10T19:10:48","slug":"p5-m4-entrada-biblica","status":"publish","type":"page","link":"https:\/\/caminodelcorazon.church\/web\/p5-m4-entrada-biblica\/","title":{"rendered":"P5 M4 Entrada B\u00edblica"},"content":{"rendered":"<p>[et_pb_section fb_built=\u00bb1&#8243; fullwidth=\u00bbon\u00bb admin_label=\u00bbBarraColores\u00bb module_id=\u00bbBarraColor\u00bb module_class=\u00bbbarra\u00bb _builder_version=\u00bb4.16&#8243; background_image=\u00bbhttps:\/\/caminodelcorazon.church\/web\/wp-content\/uploads\/2019\/12\/LineaColores.png\u00bb background_position=\u00bbtop_center\u00bb min_height=\u00bb10px\u00bb height=\u00bb10px\u00bb max_height=\u00bb10px\u00bb global_colors_info=\u00bb{}\u00bb][\/et_pb_section][et_pb_section fb_built=\u00bb1&#8243; custom_padding_last_edited=\u00bbon|phone\u00bb module_class=\u00bbp5_fondo\u00bb _builder_version=\u00bb4.16&#8243; background_image=\u00bbhttps:\/\/caminodelcorazon.church\/web\/wp-content\/uploads\/2020\/03\/4-3.jpg\u00bb background_position=\u00bbbottom_right\u00bb width=\u00bb100%\u00bb custom_margin=\u00bb|||-5px|false|false\u00bb custom_padding=\u00bb10px|16px|7px||false|false\u00bb custom_padding_tablet=\u00bb\u00bb custom_padding_phone=\u00bb10px|0px|7px|1px|false|false\u00bb background_color_phone=\u00bb#ffffff\u00bb background_last_edited=\u00bbon|desktop\u00bb background_enable_color_phone=\u00bbon\u00bb background_enable_image_phone=\u00bboff\u00bb background_position_tablet=\u00bbbottom_center\u00bb background_position_phone=\u00bbbottom_center\u00bb border_color_all=\u00bbrgba(0,0,0,0)\u00bb border_width_bottom=\u00bb8px\u00bb border_color_bottom=\u00bb#5C98CE\u00bb global_colors_info=\u00bb{}\u00bb background__hover_enabled=\u00bboff|desktop\u00bb background_position__hover=\u00bbbottom_center\u00bb][et_pb_row column_structure=\u00bb1_4,1_2,1_4&#8243; _builder_version=\u00bb4.16&#8243; background_enable_image=\u00bboff\u00bb background_size=\u00bbinitial\u00bb background_position=\u00bbtop_center\u00bb width=\u00bb100%\u00bb module_alignment=\u00bbcenter\u00bb custom_margin=\u00bb0px||||false|false\u00bb custom_padding=\u00bb0px||0px||false|false\u00bb global_colors_info=\u00bb{}\u00bb][et_pb_column type=\u00bb1_4&#8243; _builder_version=\u00bb4.16&#8243; global_colors_info=\u00bb{}\u00bb][\/et_pb_column][et_pb_column type=\u00bb1_2&#8243; _builder_version=\u00bb4.16&#8243; global_colors_info=\u00bb{}\u00bb][et_pb_text content_tablet=\u00bb<\/p>\n<h4 style=%22text-align: center;%22><strong>Nos Llama sus Amigos<\/strong><\/h4>\n<p>\u00bb content_phone=\u00bb<\/p>\n<h5 style=%22text-align: center;%22><strong>Nos Llama sus Amigos<\/strong><\/h5>\n<p>\u00bb content_last_edited=\u00bbon|phone\u00bb admin_label=\u00bbTitulo_p2&#8243; module_class=\u00bbgen_titulo_paso p5_titulo_paso\u00bb _builder_version=\u00bb4.16&#8243; text_text_color=\u00bb#ffffff\u00bb background_color=\u00bb#5c98ce\u00bb background_enable_image=\u00bboff\u00bb text_orientation=\u00bbcenter\u00bb custom_margin=\u00bb||||false|false\u00bb custom_margin_tablet=\u00bb\u00bb custom_margin_phone=\u00bb|10px||15px|false|false\u00bb custom_margin_last_edited=\u00bbon|phone\u00bb custom_padding=\u00bb10px|0px|0px|0px|false|false\u00bb border_radii=\u00bbon|10px|10px|10px|10px\u00bb global_colors_info=\u00bb{}\u00bb content__hover_enabled=\u00bboff|desktop\u00bb]<\/p>\n<h3 style=\"text-align: center;\"><span style=\"color: #ffffff;\"><strong>Nos Llama sus Amigos<\/strong><\/span><\/h3>\n<p>[\/et_pb_text][\/et_pb_column][et_pb_column type=\u00bb1_4&#8243; _builder_version=\u00bb4.16&#8243; global_colors_info=\u00bb{}\u00bb][\/et_pb_column][\/et_pb_row][et_pb_row _builder_version=\u00bb4.16&#8243; background_color=\u00bbrgba(0,0,0,0)\u00bb custom_padding=\u00bb0px||0px|||\u00bb global_colors_info=\u00bb{}\u00bb][et_pb_column type=\u00bb4_4&#8243; _builder_version=\u00bb4.16&#8243; custom_padding=\u00bb8px|0px|2px|0px|false|false\u00bb global_colors_info=\u00bb{}\u00bb][et_pb_text content_tablet=\u00bb<\/p>\n<h4 style=%22text-align: center;%22>Momento 4. Entrada b\u00edblica<\/h4>\n<p>\u00bb content_phone=\u00bb<\/p>\n<h5 style=%22text-align: center;%22>Momento 4. Entrada b\u00edblica<\/h5>\n<p>\u00bb content_last_edited=\u00bbon|phone\u00bb module_class=\u00bbgen_titulo_momento p5_titulo_momento\u00bb _builder_version=\u00bb4.16&#8243; background_color=\u00bb#5C98CE\u00bb background_enable_image=\u00bboff\u00bb custom_margin=\u00bb||||false|false\u00bb custom_margin_tablet=\u00bb\u00bb custom_margin_phone=\u00bb-10px||||false|false\u00bb custom_margin_last_edited=\u00bbon|phone\u00bb custom_padding=\u00bb10px|0px|0px|0px|false|false\u00bb custom_padding_tablet=\u00bb\u00bb custom_padding_phone=\u00bb|5px||10px|false|false\u00bb custom_padding_last_edited=\u00bbon|phone\u00bb border_radii=\u00bbon|10px|10px|10px|10px\u00bb global_colors_info=\u00bb{}\u00bb]<\/p>\n<h3 style=\"text-align: center;\"><span style=\"color: #ffffff;\">Momento 4. Entrada b\u00edblica<\/span><\/h3>\n<p>[\/et_pb_text][\/et_pb_column][\/et_pb_row][et_pb_row _builder_version=\u00bb4.16&#8243; custom_padding=\u00bb0px||14px|||\u00bb global_colors_info=\u00bb{}\u00bb][et_pb_column type=\u00bb4_4&#8243; _builder_version=\u00bb4.16&#8243; global_colors_info=\u00bb{}\u00bb][et_pb_text module_class=\u00bbgen_texto\u00bb _builder_version=\u00bb4.16&#8243; text_font_size=\u00bb15px\u00bb custom_margin=\u00bb20px||||false|false\u00bb custom_padding=\u00bb0px||0px||false|false\u00bb global_colors_info=\u00bb{}\u00bb]<\/p>\n<p>El momento anterior de la Din\u00e1mica\u00a0\u00a0 Interna del Paso, nos invita a meditar en el llamado de Jes\u00fas a entrar en amistad con \u00c9l. Jesucristo pide determinarse por \u00c9l y seguirlo. Demos paso a la <strong>Entrada B\u00edblica,<\/strong> que nos conduce a dar un paso m\u00e1s en la meditaci\u00f3n sobre la amistad a la que Jes\u00fas nos invita.\u00a0<\/p>\n<p>La <strong>Entrada B\u00edblica, <\/strong>\u00a0nos invita a recorrer a trav\u00e9s de algunos relatos, el modo en que Jes\u00fas llama y c\u00f3mo nos busca y nos llama para que estemos en Amistad con \u00c9l. \u201cYo te llam\u00e9 por tu nombre, t\u00fa eres m\u00edo. Eres de gran precio a mis ojos, eres valioso y yo te amo\u201d (Libro de Isa\u00edas cap. 43, 1. 4).<\/p>\n<p><strong>Palabra Clave<\/strong>: Los llamo mis amigos\u00a0<\/p>\n<p>En La <strong>Entrada B\u00edblica<\/strong>, somos invitados a dar una respuesta de escucha y disponibilidad al llamado de Jesucristo, una respuesta concreta en el tiempo hist\u00f3rico que estamos viviendo y en nuestra propia circunstancia de vida, de orientar nuestra vida hacia \u00c9l.<\/p>\n<p>El video, te invita a entrar en sinton\u00eda con este llamado de Jesucristo a trav\u00e9s de relatos b\u00edblicos que ayudan a entrar en este camino de Amistad. Deja resonar en tu coraz\u00f3n lo que mires y escuches. Recuerda descargar el material de consulta.<\/p>\n<p>[\/et_pb_text][\/et_pb_column][\/et_pb_row][et_pb_row _builder_version=\u00bb4.16&#8243; width=\u00bb85%\u00bb custom_padding=\u00bb||||false|false\u00bb global_colors_info=\u00bb{}\u00bb][et_pb_column type=\u00bb4_4&#8243; _builder_version=\u00bb4.16&#8243; global_colors_info=\u00bb{}\u00bb][et_pb_video src=\u00bbhttps:\/\/caminodelcorazon.church\/web\/CDC_Files\/P5\/Videos\/04%20LIBRO%20PASO%205%20ENTRADA%20DESDE%20LA%20PERSPECTIVA%20BI%CC%81BLICA%20-%20MOMENTO%204.mp4&#8243; image_src=\u00bbhttps:\/\/caminodelcorazon.church\/web\/wp-content\/uploads\/2020\/03\/P5-M4-video.jpg\u00bb thumbnail_overlay_color=\u00bbrgba(0,0,0,0.6)\u00bb image_src_last_edited=\u00bboff|desktop\u00bb module_class=\u00bbgen_video\u00bb _builder_version=\u00bb4.16&#8243; custom_margin=\u00bb||||false|false\u00bb custom_margin_tablet=\u00bb\u00bb custom_margin_phone=\u00bb\u00bb custom_margin_last_edited=\u00bbon|phone\u00bb custom_padding=\u00bb|15px||14px|false|false\u00bb custom_padding_tablet=\u00bb\u00bb custom_padding_phone=\u00bb|0px||0px|false|false\u00bb custom_padding_last_edited=\u00bbon|phone\u00bb global_colors_info=\u00bb{}\u00bb][\/et_pb_video][\/et_pb_column][\/et_pb_row][et_pb_row module_class=\u00bbgen_descarga p5_descarga\u00bb _builder_version=\u00bb4.16&#8243; background_image=\u00bbhttps:\/\/caminodelcorazon.church\/web\/wp-content\/uploads\/2020\/03\/Modulo-de-descarga.png\u00bb background_size=\u00bbinitial\u00bb background_position=\u00bbtop_center\u00bb width=\u00bb100%\u00bb max_width=\u00bb400px\u00bb module_alignment=\u00bbcenter\u00bb height=\u00bb325px\u00bb max_height=\u00bb320px\u00bb custom_margin=\u00bb25px||||false|false\u00bb custom_margin_tablet=\u00bb\u00bb custom_margin_phone=\u00bb|||10px|false|false\u00bb custom_margin_last_edited=\u00bbon|phone\u00bb custom_padding=\u00bb55px||||false|false\u00bb global_colors_info=\u00bb{}\u00bb][et_pb_column type=\u00bb4_4&#8243; _builder_version=\u00bb4.16&#8243; global_colors_info=\u00bb{}\u00bb][et_pb_text _builder_version=\u00bb4.16&#8243; global_colors_info=\u00bb{}\u00bb]<\/p>\n<h3 style=\"text-align: center;\"><span style=\"color: #ffffff;\"><strong>Descarga el material<\/strong><\/span><\/h3>\n<p>[\/et_pb_text][et_pb_button button_url=\u00bbhttps:\/\/caminodelcorazon.church\/web\/CDC_Files\/P5\/Audios\/LIBRO%20PASO%20CINCO%20MOMENTO%204%20ENTRADA%20DESDE%20LA%20PERSPECTIVA%20BIBLICA.mp3&#8243; url_new_window=\u00bbon\u00bb button_text=\u00bbAudio: Entrada desde la perspectiva B\u00edblica\u00bb button_alignment=\u00bbcenter\u00bb admin_label=\u00bbp2_boton\u00bb module_class=\u00bbgen_audio p5_audio\u00bb _builder_version=\u00bb4.16&#8243; custom_button=\u00bbon\u00bb button_text_size=\u00bb15px\u00bb button_text_color=\u00bb#ffffff\u00bb button_bg_color=\u00bb#5C98CE\u00bb button_border_color=\u00bbrgba(0,0,0,0)\u00bb button_border_radius=\u00bb15px\u00bb button_letter_spacing=\u00bb0px\u00bb button_font=\u00bb|600|||||||\u00bb button_icon=\u00bb&#xe07f;||divi||400&#8243; button_icon_placement=\u00bbleft\u00bb custom_margin=\u00bb20px||||false|false\u00bb custom_padding=\u00bb||||false|false\u00bb box_shadow_style=\u00bbpreset4&#8243; box_shadow_horizontal=\u00bb2px\u00bb box_shadow_vertical=\u00bb2px\u00bb box_shadow_blur=\u00bb2px\u00bb global_colors_info=\u00bb{}\u00bb][\/et_pb_button][et_pb_button button_url=\u00bbhttps:\/\/caminodelcorazon.church\/web\/CDC_Files\/P5\/PDF\/PDF_MOM4_PASO5.pdf\u00bb url_new_window=\u00bbon\u00bb button_text=\u00bbLibro: Entrada desde la perspectiva B\u00edblica\u00bb button_alignment=\u00bbcenter\u00bb admin_label=\u00bbp2_boton\u00bb module_class=\u00bbgen_libro p5_libro\u00bb _builder_version=\u00bb4.27.0&#8243; custom_button=\u00bbon\u00bb button_text_size=\u00bb15px\u00bb button_text_color=\u00bb#ffffff\u00bb button_bg_color=\u00bb#5C98CE\u00bb button_border_color=\u00bbrgba(0,0,0,0)\u00bb button_border_radius=\u00bb15px\u00bb button_letter_spacing=\u00bb0px\u00bb button_font=\u00bb|600|||||||\u00bb button_icon=\u00bb&#xe086;||divi||400&#8243; button_icon_placement=\u00bbleft\u00bb custom_margin=\u00bb20px||||false|false\u00bb custom_padding=\u00bb||||false|false\u00bb hover_enabled=\u00bb0&#8243; box_shadow_style=\u00bbpreset4&#8243; box_shadow_horizontal=\u00bb2px\u00bb box_shadow_vertical=\u00bb2px\u00bb box_shadow_blur=\u00bb2px\u00bb global_colors_info=\u00bb{}\u00bb sticky_enabled=\u00bb0&#8243;][\/et_pb_button][et_pb_button button_url=\u00bbhttps:\/\/caminodelcorazon.church\/web\/CDC_Files\/P5\/Anexos\/Anexo%20Tres.%20\u201cNos%20llama%20sus%20amigos\u201d.pdf\u00bb url_new_window=\u00bbon\u00bb button_text=\u00bbAnexo Tres: \u201cNos llama sus amigos\u201d\u00bb button_alignment=\u00bbcenter\u00bb admin_label=\u00bbp2_boton\u00bb module_class=\u00bbgen_libro p5_libro\u00bb _builder_version=\u00bb4.27.0&#8243; custom_button=\u00bbon\u00bb button_text_size=\u00bb15px\u00bb button_text_color=\u00bb#ffffff\u00bb button_bg_color=\u00bb#5C98CE\u00bb button_border_color=\u00bbrgba(0,0,0,0)\u00bb button_border_radius=\u00bb15px\u00bb button_letter_spacing=\u00bb0px\u00bb button_font=\u00bb|600|||||||\u00bb button_icon=\u00bb&#xe086;||divi||400&#8243; button_icon_placement=\u00bbleft\u00bb custom_margin=\u00bb20px||||false|false\u00bb custom_padding=\u00bb||||false|false\u00bb hover_enabled=\u00bb0&#8243; box_shadow_style=\u00bbpreset4&#8243; box_shadow_horizontal=\u00bb2px\u00bb box_shadow_vertical=\u00bb2px\u00bb box_shadow_blur=\u00bb2px\u00bb global_colors_info=\u00bb{}\u00bb sticky_enabled=\u00bb0&#8243;][\/et_pb_button][et_pb_button button_url=\u00bbhttps:\/\/caminodelcorazon.church\/web\/CDC_Files\/P5\/Anexos\/Anexo%20Cuatro.%20\u201cNo%20so\u0301lo%20santo%20en%20los%20altares\u201d.pdf\u00bb url_new_window=\u00bbon\u00bb button_text=\u00bbAnexo Cuatro: \u201cNo s\u00f3lo santos en los altares\u201d\u00bb button_alignment=\u00bbcenter\u00bb admin_label=\u00bbp2_boton\u00bb module_class=\u00bbgen_libro p5_libro\u00bb _builder_version=\u00bb4.27.0&#8243; custom_button=\u00bbon\u00bb button_text_size=\u00bb15px\u00bb button_text_color=\u00bb#ffffff\u00bb button_bg_color=\u00bb#5C98CE\u00bb button_border_color=\u00bbrgba(0,0,0,0)\u00bb button_border_radius=\u00bb15px\u00bb button_letter_spacing=\u00bb0px\u00bb button_font=\u00bb|600|||||||\u00bb button_icon=\u00bb&#xe086;||divi||400&#8243; button_icon_placement=\u00bbleft\u00bb custom_margin=\u00bb20px||||false|false\u00bb custom_padding=\u00bb||||false|false\u00bb hover_enabled=\u00bb0&#8243; box_shadow_style=\u00bbpreset4&#8243; box_shadow_horizontal=\u00bb2px\u00bb box_shadow_vertical=\u00bb2px\u00bb box_shadow_blur=\u00bb2px\u00bb global_colors_info=\u00bb{}\u00bb sticky_enabled=\u00bb0&#8243;][\/et_pb_button][et_pb_button button_alignment=\u00bbcenter\u00bb admin_label=\u00bbp2_boton\u00bb module_class=\u00bbboton_audio\u00bb _builder_version=\u00bb4.16&#8243; custom_button=\u00bbon\u00bb button_text_size=\u00bb15px\u00bb button_text_color=\u00bb#ffffff\u00bb button_bg_color=\u00bb#f5da42&#8243; button_border_color=\u00bbrgba(0,0,0,0)\u00bb button_border_radius=\u00bb15px\u00bb button_letter_spacing=\u00bb0px\u00bb button_font=\u00bb|600|||||||\u00bb button_icon=\u00bb&#x6a;||divi||400&#8243; button_icon_placement=\u00bbleft\u00bb custom_margin=\u00bb16px||0px||false|false\u00bb custom_padding=\u00bb3px|10px|3px|20px|false|false\u00bb box_shadow_style=\u00bbpreset4&#8243; box_shadow_horizontal=\u00bb2px\u00bb box_shadow_vertical=\u00bb2px\u00bb box_shadow_blur=\u00bb2px\u00bb global_colors_info=\u00bb{}\u00bb][\/et_pb_button][\/et_pb_column][\/et_pb_row][et_pb_row _builder_version=\u00bb4.16&#8243; background_enable_image=\u00bboff\u00bb background_size=\u00bbinitial\u00bb background_position=\u00bbtop_center\u00bb width=\u00bb100%\u00bb module_alignment=\u00bbcenter\u00bb custom_margin=\u00bb110px||||false|false\u00bb custom_margin_tablet=\u00bb\u00bb custom_margin_phone=\u00bb|||5px|false|false\u00bb custom_margin_last_edited=\u00bbon|phone\u00bb custom_padding=\u00bb40px||0px||false|false\u00bb global_colors_info=\u00bb{}\u00bb][et_pb_column type=\u00bb4_4&#8243; _builder_version=\u00bb4.16&#8243; global_colors_info=\u00bb{}\u00bb][et_pb_button button_url=\u00bbhttps:\/\/caminodelcorazon.church\/web\/p5-m5-entrada-desde-la-perspectiva-de-la-fe\/\u00bb button_text=\u00bbMomento 5: Entrada desde la Perspectiva de la Fe\u00bb button_alignment=\u00bbcenter\u00bb module_class=\u00bbgen_next p5_next\u00bb _builder_version=\u00bb4.16&#8243; custom_button=\u00bbon\u00bb button_text_size=\u00bb20px\u00bb button_text_color=\u00bb#ffffff\u00bb button_bg_color=\u00bb#5C98CE\u00bb button_border_width=\u00bb0px\u00bb button_border_radius=\u00bb12px\u00bb button_font=\u00bb|700|||||||\u00bb button_icon=\u00bb&#x39;||divi||400&#8243; button_on_hover=\u00bboff\u00bb custom_margin=\u00bb0px||-14px||false|false\u00bb custom_padding=\u00bb5px||||false|false\u00bb global_colors_info=\u00bb{}\u00bb][\/et_pb_button][\/et_pb_column][\/et_pb_row][\/et_pb_section][et_pb_section fb_built=\u00bb1&#8243; fullwidth=\u00bbon\u00bb _builder_version=\u00bb4.16&#8243; background_color=\u00bb#000000&#8243; global_colors_info=\u00bb{}\u00bb][et_pb_fullwidth_menu menu_id=\u00bb49&#8243; menu_style=\u00bbcentered\u00bb submenu_direction=\u00bbupwards\u00bb fullwidth_menu=\u00bbon\u00bb menu_icon_color=\u00bb#5C98CE\u00bb module_class=\u00bbp5_menu menu\u00bb _builder_version=\u00bb4.16&#8243; menu_font=\u00bb||||||||\u00bb background_color=\u00bb#000000&#8243; background_layout=\u00bbdark\u00bb border_color_all=\u00bb#58aadc\u00bb global_colors_info=\u00bb{}\u00bb][\/et_pb_fullwidth_menu][\/et_pb_section]<\/p>\n","protected":false},"excerpt":{"rendered":"<p>Nos Llama sus AmigosMomento 4. Entrada b\u00edblicaEl momento anterior de la Din\u00e1mica\u00a0\u00a0 Interna del Paso, nos invita a meditar en el llamado de Jes\u00fas a entrar en amistad con \u00c9l. Jesucristo pide determinarse por \u00c9l y seguirlo. Demos paso a la Entrada B\u00edblica, que nos conduce a dar un paso m\u00e1s en la meditaci\u00f3n sobre [&hellip;]<\/p>\n","protected":false},"author":4,"featured_media":0,"parent":0,"menu_order":0,"comment_status":"closed","ping_status":"closed","template":"","meta":{"_et_pb_use_builder":"on","_et_pb_old_content":"","_et_gb_content_width":"","footnotes":""},"folder":[46],"class_list":["post-4493","page","type-page","status-publish","hentry"],"_links":{"self":[{"href":"https:\/\/caminodelcorazon.church\/web\/wp-json\/wp\/v2\/pages\/4493","targetHints":{"allow":["GET"]}}],"collection":[{"href":"https:\/\/caminodelcorazon.church\/web\/wp-json\/wp\/v2\/pages"}],"about":[{"href":"https:\/\/caminodelcorazon.church\/web\/wp-json\/wp\/v2\/types\/page"}],"author":[{"embeddable":true,"href":"https:\/\/caminodelcorazon.church\/web\/wp-json\/wp\/v2\/users\/4"}],"replies":[{"embeddable":true,"href":"https:\/\/caminodelcorazon.church\/web\/wp-json\/wp\/v2\/comments?post=4493"}],"version-history":[{"count":15,"href":"https:\/\/caminodelcorazon.church\/web\/wp-json\/wp\/v2\/pages\/4493\/revisions"}],"predecessor-version":[{"id":9083,"href":"https:\/\/caminodelcorazon.church\/web\/wp-json\/wp\/v2\/pages\/4493\/revisions\/9083"}],"wp:attachment":[{"href":"https:\/\/caminodelcorazon.church\/web\/wp-json\/wp\/v2\/media?parent=4493"}],"wp:term":[{"taxonomy":"folder","embeddable":true,"href":"https:\/\/caminodelcorazon.church\/web\/wp-json\/wp\/v2\/folder?post=4493"}],"curies":[{"name":"wp","href":"https:\/\/api.w.org\/{rel}","templated":true}]}}